{"id":1084,"date":"2025-11-07T12:43:55","date_gmt":"2025-11-07T11:43:55","guid":{"rendered":"https:\/\/holtsapfel-euromoda.cz\/standorte\/"},"modified":"2025-11-07T12:43:56","modified_gmt":"2025-11-07T11:43:56","slug":"standorte","status":"publish","type":"page","link":"https:\/\/holtsapfel-euromoda.cz\/de\/standorte\/","title":{"rendered":"Standorte"},"content":{"rendered":"\n[et_pb_section fb_built=&#8220;1&#8243; _builder_version=&#8220;4.27.4&#8243; _module_preset=&#8220;default&#8220; custom_padding=&#8220;0px|||||&#8220; da_disable_devices=&#8220;off|off|off&#8220; global_colors_info=&#8220;{}&#8220; da_is_popup=&#8220;off&#8220; da_exit_intent=&#8220;off&#8220; da_has_close=&#8220;on&#8220; da_alt_close=&#8220;off&#8220; da_dark_close=&#8220;off&#8220; da_not_modal=&#8220;on&#8220; da_is_singular=&#8220;off&#8220; da_with_loader=&#8220;off&#8220; da_has_shadow=&#8220;on&#8220;][et_pb_row column_structure=&#8220;3_5,1_5,1_5&#8243; make_equal=&#8220;on&#8220; _builder_version=&#8220;4.27.4&#8243; _module_preset=&#8220;default&#8220; background_image=&#8220;http:\/\/holtsapfel-euromoda.cz\/wp-content\/uploads\/2025\/08\/LOCATIONS.jpg&#8220; background_position=&#8220;bottom_center&#8220; max_width=&#8220;100%&#8220; module_alignment=&#8220;center&#8220; custom_margin=&#8220;5px||||false|false&#8220; custom_padding=&#8220;4.1%|2%|4.1%|2%|true|true&#8220; custom_css_main_element=&#8220;display:flex;&#8220; border_radii=&#8220;on|15px|15px|15px|15px&#8220; global_colors_info=&#8220;{}&#8220;][et_pb_column type=&#8220;3_5&#8243; _builder_version=&#8220;4.27.4&#8243; _module_preset=&#8220;default&#8220; global_colors_info=&#8220;{}&#8220;][et_pb_text _builder_version=&#8220;4.27.4&#8243; _module_preset=&#8220;default&#8220; text_font=&#8220;|700|||||||&#8220; text_text_color=&#8220;#FFFFFF&#8220; text_font_size=&#8220;55px&#8220; text_line_height=&#8220;1.1em&#8220; header_font=&#8220;|800|||||||&#8220; header_text_color=&#8220;#FFFFFF&#8220; header_font_size=&#8220;45px&#8220; header_line_height=&#8220;1.1em&#8220; custom_margin=&#8220;||28px|||&#8220; text_font_size_tablet=&#8220;55px&#8220; text_font_size_phone=&#8220;40px&#8220; text_font_size_last_edited=&#8220;on|phone&#8220; header_font_size_tablet=&#8220;50px&#8220; header_font_size_phone=&#8220;40px&#8220; header_font_size_last_edited=&#8220;on|phone&#8220; global_colors_info=&#8220;{}&#8220;]<div class=\"page\" title=\"Seite 2\">\n<div class=\"section\">\n<div class=\"layoutArea\">\n<div class=\"column\">\n<div class=\"page\" title=\"Seite 3\">\n<div class=\"layoutArea\">\n<div class=\"column\">\n<div class=\"page\" title=\"Seite 4\">\n<div class=\"section\">\n<div class=\"layoutArea\">\n<div class=\"column\">\n<div class=\"page\" title=\"Seite 5\">\n<div class=\"section\">\n<div class=\"layoutArea\">\n<div class=\"column\">\n<div class=\"page\" title=\"Seite 6\">\n<div class=\"layoutArea\">\n<div class=\"column\">\n<div class=\"page\" title=\"Seite 7\">\n<div class=\"layoutArea\">\n<div class=\"column\">\n<div class=\"page\" title=\"Seite 1\">\n<div class=\"layoutArea\">\n<div class=\"column\">\n<p><span>Starke Pr\u00e4senz in Europa<\/span><\/p>\n<\/div>\n<\/div>\n<\/div>\n<\/div>\n<\/div>\n<\/div>\n<\/div>\n<\/div>\n<\/div>\n<\/div>\n<\/div>\n<\/div>\n<\/div>\n<\/div>\n<\/div>\n<\/div>\n<\/div>\n<\/div>\n<\/div>\n<\/div>\n<\/div>\n<\/div>\n<\/div>\n<\/div>[\/et_pb_text][et_pb_text _builder_version=&#8220;4.27.4&#8243; _module_preset=&#8220;default&#8220; text_text_color=&#8220;#FFFFFF&#8220; global_colors_info=&#8220;{}&#8220;]<div class=\"page\" title=\"Seite 2\">\n<div class=\"section\">\n<div class=\"layoutArea\">\n<div class=\"column\">\n<div class=\"page\" title=\"Seite 3\">\n<div class=\"layoutArea\">\n<div class=\"column\">\n<div class=\"page\" title=\"Seite 4\">\n<div class=\"section\">\n<div class=\"layoutArea\">\n<div class=\"column\">\n<div class=\"page\" title=\"Seite 5\">\n<div class=\"section\">\n<div class=\"layoutArea\">\n<div class=\"column\">\n<div class=\"page\" title=\"Seite 6\">\n<div class=\"layoutArea\">\n<div class=\"column\">\n<div class=\"page\" title=\"Seite 7\">\n<div class=\"layoutArea\">\n<div class=\"column\">\n<div class=\"page\" title=\"Seite 1\">\n<div class=\"layoutArea\">\n<div class=\"column\">\n<p><span>Mit unseren Standorten in der Tschechischen Republik und Deutschland gew\u00e4hrleisten wir schnelle, effiziente und zuverl\u00e4ssige  <\/span><span>Dienstleistungen f\u00fcr unsere Kunden in ganz Europa. Beide Standorte sind voll ausgestattet, um eine breite Palette textiler Prozesse zu bew\u00e4ltigen und bieten die n\u00f6tige Flexibilit\u00e4t, um Ihre Anforderungen zu erf\u00fcllen. <\/span><\/p>\n<\/div>\n<\/div>\n<\/div>\n<\/div>\n<\/div>\n<\/div>\n<\/div>\n<\/div>\n<\/div>\n<\/div>\n<\/div>\n<\/div>\n<\/div>\n<\/div>\n<\/div>\n<\/div>\n<\/div>\n<\/div>\n<\/div>\n<\/div>\n<\/div>\n<\/div>\n<\/div>\n<\/div>[\/et_pb_text][et_pb_icon font_icon=&#8220;&#xe044;||divi||400&#8243; icon_color=&#8220;#FFFFFF&#8220; icon_width=&#8220;50px&#8220; url=&#8220;#more&#8220; align=&#8220;left&#8220; _builder_version=&#8220;4.27.4&#8243; _module_preset=&#8220;default&#8220; animation_direction=&#8220;top&#8220; global_colors_info=&#8220;{}&#8220;][\/et_pb_icon][\/et_pb_column][et_pb_column type=&#8220;1_5&#8243; _builder_version=&#8220;4.27.4&#8243; _module_preset=&#8220;default&#8220; custom_css_main_element=&#8220;margin: auto auto 0;&#8220; global_colors_info=&#8220;{}&#8220;][\/et_pb_column][et_pb_column type=&#8220;1_5&#8243; _builder_version=&#8220;4.27.4&#8243; _module_preset=&#8220;default&#8220; custom_css_main_element=&#8220;margin: auto auto 0;&#8220; global_colors_info=&#8220;{}&#8220;][\/et_pb_column][\/et_pb_row][et_pb_row module_id=&#8220;more&#8220; _builder_version=&#8220;4.27.4&#8243; _module_preset=&#8220;default&#8220; max_width=&#8220;100%&#8220; custom_margin=&#8220;2%||||false|false&#8220; custom_padding=&#8220;|2%||2%|false|true&#8220; global_colors_info=&#8220;{}&#8220;][et_pb_column type=&#8220;4_4&#8243; _builder_version=&#8220;4.27.4&#8243; _module_preset=&#8220;default&#8220; global_colors_info=&#8220;{}&#8220;][et_pb_heading title=&#8220;UNSERE STANDORTE&#8220; _builder_version=&#8220;4.27.4&#8243; _module_preset=&#8220;default&#8220; title_level=&#8220;h4&#8243; title_font=&#8220;|600||on|||||&#8220; title_text_align=&#8220;center&#8220; title_text_color=&#8220;#003BCF&#8220; global_colors_info=&#8220;{}&#8220;][\/et_pb_heading][\/et_pb_column][\/et_pb_row][et_pb_row column_structure=&#8220;1_2,1_2&#8243; make_equal=&#8220;on&#8220; _builder_version=&#8220;4.27.4&#8243; _module_preset=&#8220;default&#8220; max_width=&#8220;100%&#8220; min_height=&#8220;400px&#8220; custom_padding=&#8220;|2%||2%|false|true&#8220; global_colors_info=&#8220;{}&#8220;][et_pb_column type=&#8220;1_2&#8243; _builder_version=&#8220;4.27.4&#8243; _module_preset=&#8220;default&#8220; background_color=&#8220;#f4f3ff&#8220; custom_padding=&#8220;15px|15px|15px|15px|true|true&#8220; border_radii=&#8220;on|15px|15px|15px|15px&#8220; global_colors_info=&#8220;{}&#8220;][et_pb_heading title=&#8220;Tschechische Republik&#8220; _builder_version=&#8220;4.27.4&#8243; _module_preset=&#8220;default&#8220; title_level=&#8220;h4&#8243; title_font=&#8220;|700|||||||&#8220; title_text_color=&#8220;#000000&#8243; custom_margin=&#8220;10px||||false|false&#8220; global_colors_info=&#8220;{}&#8220;][\/et_pb_heading][et_pb_text _builder_version=&#8220;4.27.4&#8243; _module_preset=&#8220;default&#8220; global_colors_info=&#8220;{}&#8220;]<div class=\"page\" title=\"Seite 2\">\n<div class=\"layoutArea\">\n<div class=\"column\">\n<div class=\"page\" title=\"Seite 3\">\n<div class=\"layoutArea\">\n<div class=\"column\">\n<div class=\"page\" title=\"Seite 4\">\n<div class=\"section\">\n<div class=\"layoutArea\">\n<div class=\"column\">\n<div class=\"page\" title=\"Seite 5\">\n<div class=\"section\">\n<div class=\"layoutArea\">\n<div class=\"column\">\n<div class=\"page\" title=\"Seite 6\">\n<div class=\"layoutArea\">\n<div class=\"column\">\n<div class=\"page\" title=\"Seite 7\">\n<div class=\"section\">\n<div class=\"layoutArea\">\n<div class=\"column\">\n<div class=\"page\" title=\"Seite 1\">\n<div class=\"layoutArea\">\n<div class=\"column\">\n<p><span>Unsere tschechische Einrichtung ist ein zentraler Knotenpunkt f\u00fcr Inspektion, Vorbereitung und Textilhandling. Strategisch im Herzen Europas gelegen, erm\u00f6glicht sie uns, Waren schnell   <\/span><span>und effizient zu verarbeiten und so eine reibungslose Logistik auf den EU-M\u00e4rkten zu gew\u00e4hrleisten.<\/span><\/p>\n<\/div>\n<\/div>\n<\/div>\n<\/div>\n<\/div>\n<\/div>\n<\/div>\n<\/div>\n<\/div>\n<\/div>\n<\/div>\n<\/div>\n<\/div>\n<\/div>\n<\/div>\n<\/div>\n<\/div>\n<\/div>\n<\/div>\n<\/div>\n<\/div>\n<\/div>\n<\/div>\n<\/div>[\/et_pb_text][et_pb_text _builder_version=&#8220;4.27.4&#8243; _module_preset=&#8220;default&#8220; text_font=&#8220;|700|||on||||&#8220; text_text_color=&#8220;#003BCF&#8220; custom_padding=&#8220;70px|||||&#8220; hover_enabled=&#8220;0&#8243; global_colors_info=&#8220;{}&#8220; sticky_enabled=&#8220;0&#8243;]<div class=\"page\" title=\"Seite 2\">\n<div class=\"layoutArea\">\n<div class=\"column\">\n<div class=\"page\" title=\"Seite 3\">\n<div class=\"layoutArea\">\n<div class=\"column\">\n<div class=\"page\" title=\"Seite 4\">\n<div class=\"section\">\n<div class=\"layoutArea\">\n<div class=\"column\">\n<div class=\"page\" title=\"Seite 5\">\n<div class=\"section\">\n<div class=\"layoutArea\">\n<div class=\"column\">\n<div class=\"page\" title=\"Seite 6\">\n<div class=\"layoutArea\">\n<div class=\"column\">\n<div class=\"page\" title=\"Seite 7\">\n<div class=\"section\">\n<div class=\"layoutArea\">\n<div class=\"column\">\n<div class=\"page\" title=\"Seite 1\">\n<div class=\"layoutArea\">\n<div class=\"column\">\n<div class=\"page\" title=\"Seite 1\">\n<div class=\"layoutArea\">\n<div class=\"column\">\n<p><span style=\"color: #0000ff;\"><a href=\"https:\/\/www.google.com\/maps\/place\/Kosteln%C3%AD+435,+434+01+Star%C3%BD+Most\/@50.5164576,13.6466764,17z\/data=!3m1!4b1!4m6!3m5!1s0x470a2038c106abc7:0xbc091b37bcaef050!8m2!3d50.5164542!4d13.6492513!16s%2Fg%2F11cscfgtl4?entry=ttu&amp;g_ep=EgoyMDI1MDgxOS4wIKXMDSoASAFQAw%3D%3D\" style=\"color: #0000ff;\">Kosteln\u00ed 435, 43401 Most (Star\u00fd Most), Tschechische Republik<\/a><\/span><\/p>\n<\/div>\n<\/div>\n<\/div>\n<\/div>\n<\/div>\n<\/div>\n<\/div>\n<\/div>\n<\/div>\n<\/div>\n<\/div>\n<\/div>\n<\/div>\n<\/div>\n<\/div>\n<\/div>\n<\/div>\n<\/div>\n<\/div>\n<\/div>\n<\/div>\n<\/div>\n<\/div>\n<\/div>\n<\/div>\n<\/div>\n<\/div>[\/et_pb_text][et_pb_button button_url=&#8220;https:\/\/www.google.com\/maps\/place\/Kosteln\u00ed+435,+434+01+Star\u00fd+Most\/@50.5164576,13.6466764,17z\/data=!3m1!4b1!4m6!3m5!1s0x470a2038c106abc7:0xbc091b37bcaef050!8m2!3d50.5164542!4d13.6492513!16s%2Fg%2F11cscfgtl4?entry=ttu&amp;g_ep=EgoyMDI1MDgxOS4wIKXMDSoASAFQAw%3D%3D&#8220; button_text=&#8220;Auf Karte anzeigen&#8220; button_alignment=&#8220;left&#8220; _builder_version=&#8220;4.27.4&#8243; _module_preset=&#8220;default&#8220; custom_button=&#8220;on&#8220; button_text_size=&#8220;16px&#8220; button_text_color=&#8220;#FFFFFF&#8220; button_bg_color=&#8220;#003BCF&#8220; button_border_width=&#8220;0px&#8220; button_border_radius=&#8220;15px&#8220; button_font=&#8220;&#8211;et_global_body_font|||on|||||&#8220; button_use_icon=&#8220;off&#8220; custom_padding=&#8220;8px|30px|8px|30px|false|true&#8220; hover_enabled=&#8220;0&#8243; global_colors_info=&#8220;{}&#8220; sticky_enabled=&#8220;0&#8243; custom_margin=&#8220;||20px||false|false&#8220; url_new_window=&#8220;on&#8220;][\/et_pb_button][\/et_pb_column][et_pb_column type=&#8220;1_2&#8243; _builder_version=&#8220;4.27.4&#8243; _module_preset=&#8220;default&#8220; background_color=&#8220;#f4f3ff&#8220; custom_padding=&#8220;15px|15px|15px|15px|true|true&#8220; border_radii=&#8220;on|15px|15px|15px|15px&#8220; global_colors_info=&#8220;{}&#8220;][et_pb_heading title=&#8220;Deutschland&#8220; _builder_version=&#8220;4.27.4&#8243; _module_preset=&#8220;default&#8220; title_level=&#8220;h4&#8243; title_font=&#8220;|700|||||||&#8220; title_text_color=&#8220;#000000&#8243; custom_margin=&#8220;10px||||false|false&#8220; global_colors_info=&#8220;{}&#8220;][\/et_pb_heading][et_pb_text _builder_version=&#8220;4.27.4&#8243; _module_preset=&#8220;default&#8220; global_colors_info=&#8220;{}&#8220;]<div class=\"page\" title=\"Seite 2\">\n<div class=\"layoutArea\">\n<div class=\"column\">\n<div class=\"page\" title=\"Seite 3\">\n<div class=\"layoutArea\">\n<div class=\"column\">\n<div class=\"page\" title=\"Seite 4\">\n<div class=\"section\">\n<div class=\"layoutArea\">\n<div class=\"column\">\n<div class=\"page\" title=\"Seite 5\">\n<div class=\"section\">\n<div class=\"layoutArea\">\n<div class=\"column\">\n<div class=\"page\" title=\"Seite 6\">\n<div class=\"layoutArea\">\n<div class=\"column\">\n<div class=\"page\" title=\"Seite 7\">\n<div class=\"section\">\n<div class=\"layoutArea\">\n<div class=\"column\">\n<div class=\"page\" title=\"Seite 1\">\n<div class=\"layoutArea\">\n<div class=\"column\">\n<div class=\"page\" title=\"Seite 1\">\n<div class=\"layoutArea\">\n<div class=\"column\">\n<p><span>Unser deutscher Standort bietet eine starke Basis f\u00fcr die Bedienung westeurop\u00e4ischer M\u00e4rkte. Mit direktem Zugang zu wichtigen Transportwegen erm\u00f6glicht er uns schnelle Bearbeitungszeiten und zuverl\u00e4ssigen Service. <\/span><\/p>\n<\/div>\n<\/div>\n<\/div>\n<\/div>\n<\/div>\n<\/div>\n<\/div>\n<\/div>\n<\/div>\n<\/div>\n<\/div>\n<\/div>\n<\/div>\n<\/div>\n<\/div>\n<\/div>\n<\/div>\n<\/div>\n<\/div>\n<\/div>\n<\/div>\n<\/div>\n<\/div>\n<\/div>\n<\/div>\n<\/div>\n<\/div>[\/et_pb_text][et_pb_text _builder_version=&#8220;4.27.4&#8243; _module_preset=&#8220;default&#8220; text_font=&#8220;|700|||on||||&#8220; text_text_color=&#8220;#003BCF&#8220; custom_padding=&#8220;70px|||||&#8220; hover_enabled=&#8220;0&#8243; global_colors_info=&#8220;{}&#8220; sticky_enabled=&#8220;0&#8243;]<div class=\"page\" title=\"Seite 2\">\n<div class=\"layoutArea\">\n<div class=\"column\">\n<div class=\"page\" title=\"Seite 3\">\n<div class=\"layoutArea\">\n<div class=\"column\">\n<div class=\"page\" title=\"Seite 4\">\n<div class=\"section\">\n<div class=\"layoutArea\">\n<div class=\"column\">\n<div class=\"page\" title=\"Seite 5\">\n<div class=\"section\">\n<div class=\"layoutArea\">\n<div class=\"column\">\n<div class=\"page\" title=\"Seite 6\">\n<div class=\"layoutArea\">\n<div class=\"column\">\n<div class=\"page\" title=\"Seite 7\">\n<div class=\"section\">\n<div class=\"layoutArea\">\n<div class=\"column\">\n<div class=\"page\" title=\"Seite 1\">\n<div class=\"layoutArea\">\n<div class=\"column\">\n<div class=\"page\" title=\"Seite 1\">\n<div class=\"layoutArea\">\n<div class=\"column\">\n<div class=\"page\" title=\"Seite 1\">\n<div class=\"layoutArea\">\n<div class=\"column\">\n<p><span style=\"color: #0000ff;\"><a href=\"https:\/\/www.google.com\/maps\/place\/Liebigstra%C3%9Fe+7,+06766+Bitterfeld-Wolfen,+N%C4%9Bmecko\/@51.6518092,12.2571405,17z\/data=!3m1!4b1!4m6!3m5!1s0x47a66a0dc6062bab:0x379ba4665c0b44f9!8m2!3d51.6518059!4d12.2597154!16s%2Fg%2F11csc5f4lb?entry=ttu&amp;g_ep=EgoyMDI1MDgxOS4wIKXMDSoASAFQAw%3D%3D\" style=\"color: #0000ff;\">Liebigstra\u00dfe 7, 06766 Bitterfeld-Wolfen, Deutschland<\/a><\/span><\/p>\n<\/div>\n<\/div>\n<\/div>\n<\/div>\n<\/div>\n<\/div>\n<\/div>\n<\/div>\n<\/div>\n<\/div>\n<\/div>\n<\/div>\n<\/div>\n<\/div>\n<\/div>\n<\/div>\n<\/div>\n<\/div>\n<\/div>\n<\/div>\n<\/div>\n<\/div>\n<\/div>\n<\/div>\n<\/div>\n<\/div>\n<\/div>\n<\/div>\n<\/div>\n<\/div>[\/et_pb_text][et_pb_button button_url=&#8220;https:\/\/www.google.com\/maps\/place\/Liebigstra\u00dfe+7,+06766+Bitterfeld-Wolfen,+N\u011bmecko\/@51.6518092,12.2571405,17z\/data=!3m1!4b1!4m6!3m5!1s0x47a66a0dc6062bab:0x379ba4665c0b44f9!8m2!3d51.6518059!4d12.2597154!16s%2Fg%2F11csc5f4lb?entry=ttu&amp;g_ep=EgoyMDI1MDgxOS4wIKXMDSoASAFQAw%3D%3D&#8220; button_text=&#8220;Auf Karte anzeigen&#8220; button_alignment=&#8220;left&#8220; _builder_version=&#8220;4.27.4&#8243; _module_preset=&#8220;default&#8220; custom_button=&#8220;on&#8220; button_text_size=&#8220;16px&#8220; button_text_color=&#8220;#FFFFFF&#8220; button_bg_color=&#8220;#003BCF&#8220; button_border_width=&#8220;0px&#8220; button_border_radius=&#8220;15px&#8220; button_font=&#8220;&#8211;et_global_body_font|||on|||||&#8220; button_use_icon=&#8220;off&#8220; custom_padding=&#8220;8px|30px|8px|30px|false|true&#8220; hover_enabled=&#8220;0&#8243; global_colors_info=&#8220;{}&#8220; sticky_enabled=&#8220;0&#8243; custom_margin=&#8220;||20px||false|false&#8220; url_new_window=&#8220;on&#8220;][\/et_pb_button][\/et_pb_column][\/et_pb_row][et_pb_row module_id=&#8220;aboutus&#8220; _builder_version=&#8220;4.27.4&#8243; _module_preset=&#8220;default&#8220; max_width=&#8220;100%&#8220; custom_margin=&#8220;2%||||false|false&#8220; custom_padding=&#8220;|2%||2%|false|true&#8220; global_colors_info=&#8220;{}&#8220;][et_pb_column type=&#8220;4_4&#8243; _builder_version=&#8220;4.27.4&#8243; _module_preset=&#8220;default&#8220; global_colors_info=&#8220;{}&#8220;][et_pb_heading title=&#8220;WARUM UNS W\u00c4HLEN?&#8220; _builder_version=&#8220;4.27.4&#8243; _module_preset=&#8220;default&#8220; title_level=&#8220;h4&#8243; title_font=&#8220;|600||on|||||&#8220; title_text_align=&#8220;center&#8220; title_text_color=&#8220;#003BCF&#8220; global_colors_info=&#8220;{}&#8220;][\/et_pb_heading][\/et_pb_column][\/et_pb_row][et_pb_row column_structure=&#8220;1_5,1_5,1_5,1_5,1_5&#8243; use_custom_gutter=&#8220;on&#8220; gutter_width=&#8220;1&#8243; make_equal=&#8220;on&#8220; disabled_on=&#8220;on|on|off&#8220; _builder_version=&#8220;4.27.4&#8243; _module_preset=&#8220;default&#8220; global_colors_info=&#8220;{}&#8220;][et_pb_column type=&#8220;1_5&#8243; _builder_version=&#8220;4.27.4&#8243; _module_preset=&#8220;default&#8220; global_colors_info=&#8220;{}&#8220;][et_pb_blurb title=&#8220;Expertise&#8220; use_icon=&#8220;on&#8220; font_icon=&#8220;&#xe052;||divi||400&#8243; image_icon_width=&#8220;36px&#8220; _builder_version=&#8220;4.27.4&#8243; _module_preset=&#8220;default&#8220; header_font=&#8220;|700|||||||&#8220; header_text_align=&#8220;center&#8220; header_text_color=&#8220;#113bc6&#8243; body_text_align=&#8220;center&#8220; global_colors_info=&#8220;{}&#8220;]<div class=\"page\" title=\"Seite 2\">\n<div class=\"layoutArea\">\n<div class=\"column\">\n<p><span>Jahrelange Branchenerfahrung kombiniert mit speziellem Know-how, um auch komplexe Herausforderungen zu meistern.<\/span><\/p>\n<\/div>\n<\/div>\n<\/div>[\/et_pb_blurb][\/et_pb_column][et_pb_column type=&#8220;1_5&#8243; _builder_version=&#8220;4.27.4&#8243; _module_preset=&#8220;default&#8220; global_colors_info=&#8220;{}&#8220;][et_pb_divider color=&#8220;#f3f2fd&#8220; divider_position=&#8220;center&#8220; divider_weight=&#8220;200px&#8220; _builder_version=&#8220;4.27.4&#8243; _module_preset=&#8220;default&#8220; width=&#8220;3px&#8220; module_alignment=&#8220;center&#8220; global_colors_info=&#8220;{}&#8220;][\/et_pb_divider][\/et_pb_column][et_pb_column type=&#8220;1_5&#8243; _builder_version=&#8220;4.27.4&#8243; _module_preset=&#8220;default&#8220; global_colors_info=&#8220;{}&#8220;][et_pb_blurb title=&#8220;Effizienz&#8220; use_icon=&#8220;on&#8220; font_icon=&#8220;&#xe052;||divi||400&#8243; image_icon_width=&#8220;36px&#8220; _builder_version=&#8220;4.27.4&#8243; _module_preset=&#8220;default&#8220; header_font=&#8220;|700|||||||&#8220; header_text_align=&#8220;center&#8220; header_text_color=&#8220;#113bc6&#8243; body_text_align=&#8220;center&#8220; global_colors_info=&#8220;{}&#8220;]<div class=\"page\" title=\"Seite 2\">\n<div class=\"layoutArea\">\n<div class=\"column\">\n<div class=\"page\" title=\"Seite 2\">\n<div class=\"layoutArea\">\n<div class=\"column\">\n<p><span>Schnelle Durchlaufzeiten, flexible Kapazit\u00e4t und zuverl\u00e4ssiger Service in der gesamten EU.<\/span><\/p>\n<\/div>\n<\/div>\n<\/div>\n<\/div>\n<\/div>\n<\/div>[\/et_pb_blurb][\/et_pb_column][et_pb_column type=&#8220;1_5&#8243; _builder_version=&#8220;4.27.4&#8243; _module_preset=&#8220;default&#8220; global_colors_info=&#8220;{}&#8220;][et_pb_divider color=&#8220;#f3f2fd&#8220; divider_position=&#8220;center&#8220; divider_weight=&#8220;200px&#8220; _builder_version=&#8220;4.27.4&#8243; _module_preset=&#8220;default&#8220; width=&#8220;3px&#8220; module_alignment=&#8220;center&#8220; global_colors_info=&#8220;{}&#8220;][\/et_pb_divider][\/et_pb_column][et_pb_column type=&#8220;1_5&#8243; _builder_version=&#8220;4.27.4&#8243; _module_preset=&#8220;default&#8220; global_colors_info=&#8220;{}&#8220;][et_pb_blurb title=&#8220;Nachhaltigkeit&#8220; use_icon=&#8220;on&#8220; font_icon=&#8220;&#xe052;||divi||400&#8243; image_icon_width=&#8220;36px&#8220; _builder_version=&#8220;4.27.4&#8243; _module_preset=&#8220;default&#8220; header_font=&#8220;|700|||||||&#8220; header_text_align=&#8220;center&#8220; header_text_color=&#8220;#113bc6&#8243; body_text_align=&#8220;center&#8220; global_colors_info=&#8220;{}&#8220;]<div class=\"page\" title=\"Seite 2\">\n<div class=\"layoutArea\">\n<div class=\"column\">\n<div class=\"page\" title=\"Seite 2\">\n<div class=\"layoutArea\">\n<div class=\"column\">\n<p><span>Umweltbewusste Prozesse, die Abfall minimieren und die Umweltbelastung reduzieren, ohne die Qualit\u00e4t zu beeintr\u00e4chtigen.<\/span><\/p>\n<\/div>\n<\/div>\n<\/div>\n<\/div>\n<\/div>\n<\/div>[\/et_pb_blurb][\/et_pb_column][\/et_pb_row][et_pb_row column_structure=&#8220;1_3,1_3,1_3&#8243; make_equal=&#8220;on&#8220; disabled_on=&#8220;off|off|on&#8220; _builder_version=&#8220;4.27.4&#8243; _module_preset=&#8220;default&#8220; global_colors_info=&#8220;{}&#8220;][et_pb_column type=&#8220;1_3&#8243; _builder_version=&#8220;4.27.4&#8243; _module_preset=&#8220;default&#8220; global_colors_info=&#8220;{}&#8220;][et_pb_blurb title=&#8220;Expertise&#8220; use_icon=&#8220;on&#8220; font_icon=&#8220;&#xe052;||divi||400&#8243; image_icon_width=&#8220;36px&#8220; _builder_version=&#8220;4.27.4&#8243; _module_preset=&#8220;default&#8220; header_font=&#8220;|700|||||||&#8220; header_text_align=&#8220;center&#8220; header_text_color=&#8220;#113bc6&#8243; body_text_align=&#8220;center&#8220; global_colors_info=&#8220;{}&#8220;]<div class=\"page\" title=\"Seite 2\">\n<div class=\"layoutArea\">\n<div class=\"column\">\n<p><span>Jahrelange Branchenerfahrung kombiniert mit speziellem Know-how, um auch komplexe Herausforderungen zu meistern.<\/span><\/p>\n<\/div>\n<\/div>\n<\/div>[\/et_pb_blurb][\/et_pb_column][et_pb_column type=&#8220;1_3&#8243; _builder_version=&#8220;4.27.4&#8243; _module_preset=&#8220;default&#8220; global_colors_info=&#8220;{}&#8220;][et_pb_blurb title=&#8220;Effizienz&#8220; use_icon=&#8220;on&#8220; font_icon=&#8220;&#xe052;||divi||400&#8243; image_icon_width=&#8220;36px&#8220; _builder_version=&#8220;4.27.4&#8243; _module_preset=&#8220;default&#8220; header_font=&#8220;|700|||||||&#8220; header_text_align=&#8220;center&#8220; header_text_color=&#8220;#113bc6&#8243; body_text_align=&#8220;center&#8220; global_colors_info=&#8220;{}&#8220;]<div class=\"page\" title=\"Seite 2\">\n<div class=\"layoutArea\">\n<div class=\"column\">\n<div class=\"page\" title=\"Seite 2\">\n<div class=\"layoutArea\">\n<div class=\"column\">\n<p><span>Schnelle Durchlaufzeiten, flexible Kapazit\u00e4t und zuverl\u00e4ssiger Service in der gesamten EU.<\/span><\/p>\n<\/div>\n<\/div>\n<\/div>\n<\/div>\n<\/div>\n<\/div>[\/et_pb_blurb][\/et_pb_column][et_pb_column type=&#8220;1_3&#8243; _builder_version=&#8220;4.27.4&#8243; _module_preset=&#8220;default&#8220; global_colors_info=&#8220;{}&#8220;][et_pb_blurb title=&#8220;Nachhaltigkeit&#8220; use_icon=&#8220;on&#8220; font_icon=&#8220;&#xe052;||divi||400&#8243; image_icon_width=&#8220;36px&#8220; _builder_version=&#8220;4.27.4&#8243; _module_preset=&#8220;default&#8220; header_font=&#8220;|700|||||||&#8220; header_text_align=&#8220;center&#8220; header_text_color=&#8220;#113bc6&#8243; body_text_align=&#8220;center&#8220; global_colors_info=&#8220;{}&#8220;]<div class=\"page\" title=\"Seite 2\">\n<div class=\"layoutArea\">\n<div class=\"column\">\n<div class=\"page\" title=\"Seite 2\">\n<div class=\"layoutArea\">\n<div class=\"column\">\n<p><span>Umweltbewusste Prozesse, die Abfall minimieren und die Umweltbelastung reduzieren, ohne die Qualit\u00e4t zu beeintr\u00e4chtigen.<\/span><\/p>\n<\/div>\n<\/div>\n<\/div>\n<\/div>\n<\/div>\n<\/div>[\/et_pb_blurb][\/et_pb_column][\/et_pb_row][et_pb_row module_id=&#8220;aboutus&#8220; _builder_version=&#8220;4.27.4&#8243; _module_preset=&#8220;default&#8220; max_width=&#8220;100%&#8220; custom_margin=&#8220;2%||||false|false&#8220; custom_padding=&#8220;|2%||2%|false|true&#8220; global_colors_info=&#8220;{}&#8220;][et_pb_column type=&#8220;4_4&#8243; _builder_version=&#8220;4.27.4&#8243; _module_preset=&#8220;default&#8220; global_colors_info=&#8220;{}&#8220;][et_pb_heading title=&#8220; KONTAKT&#8220; _builder_version=&#8220;4.27.4&#8243; _module_preset=&#8220;default&#8220; title_level=&#8220;h4&#8243; title_font=&#8220;|600||on|||||&#8220; title_text_align=&#8220;center&#8220; title_text_color=&#8220;#003BCF&#8220; global_colors_info=&#8220;{}&#8220;][\/et_pb_heading][et_pb_heading title=&#8220;Wir freuen uns, von Ihnen zu h\u00f6ren. Egal, ob Sie einen bestimmten Service oder eine komplette Textill\u00f6sung suchen, unser Team hilft Ihnen gerne weiter. &#8220; _builder_version=&#8220;4.27.4&#8243; _module_preset=&#8220;default&#8220; title_text_align=&#8220;center&#8220; title_font_size=&#8220;25px&#8220; global_colors_info=&#8220;{}&#8220;][\/et_pb_heading][et_pb_button button_url=&#8220;https:\/\/holtsapfel-euromoda.cz\/contact\/&#8220; button_text=&#8220;Kontakt&#8220; button_alignment=&#8220;center&#8220; _builder_version=&#8220;4.27.4&#8243; _module_preset=&#8220;default&#8220; custom_button=&#8220;on&#8220; button_text_size=&#8220;16px&#8220; button_text_color=&#8220;#FFFFFF&#8220; button_bg_color=&#8220;#003BCF&#8220; button_border_width=&#8220;0px&#8220; button_border_radius=&#8220;15px&#8220; button_font=&#8220;&#8211;et_global_body_font|||on|||||&#8220; button_use_icon=&#8220;off&#8220; custom_padding=&#8220;8px|30px|8px|30px|true|true&#8220; global_colors_info=&#8220;{}&#8220;][\/et_pb_button][\/et_pb_column][\/et_pb_row][et_pb_row column_structure=&#8220;1_4,1_4,1_4,1_4&#8243; make_equal=&#8220;on&#8220; custom_padding_last_edited=&#8220;on|phone&#8220; module_id=&#8220;footer&#8220; _builder_version=&#8220;4.27.4&#8243; _module_preset=&#8220;default&#8220; background_color=&#8220;#003BCF&#8220; background_enable_image=&#8220;off&#8220; max_width=&#8220;100%&#8220; module_alignment=&#8220;center&#8220; custom_margin=&#8220;2%||0px||false|false&#8220; custom_padding=&#8220;2%|2%||2%|false|true&#8220; custom_padding_tablet=&#8220;2%|2%|0px|2%|false|true&#8220; custom_padding_phone=&#8220;5%|5%|2%|5%|false|true&#8220; custom_css_main_element=&#8220;display:flex;&#8220; border_radii=&#8220;off|15px|15px||&#8220; global_colors_info=&#8220;{}&#8220;][et_pb_column type=&#8220;1_4&#8243; _builder_version=&#8220;4.27.4&#8243; _module_preset=&#8220;default&#8220; global_colors_info=&#8220;{}&#8220;][et_pb_heading title=&#8220;FIRMENANSCHRIFT&#8220; _builder_version=&#8220;4.27.4&#8243; _module_preset=&#8220;default&#8220; title_level=&#8220;h4&#8243; title_text_align=&#8220;left&#8220; title_text_color=&#8220;#FFFFFF&#8220; custom_margin=&#8220;||28px|||&#8220; global_colors_info=&#8220;{}&#8220;][\/et_pb_heading][et_pb_text _builder_version=&#8220;4.27.4&#8243; _module_preset=&#8220;default&#8220; text_text_color=&#8220;#FFFFFF&#8220; text_font_size=&#8220;12px&#8220; text_line_height=&#8220;1em&#8220; global_colors_info=&#8220;{}&#8220;]<p>Kosteln\u00ed 435<\/p>\n<p>43401 Most (star\u00fd Most)<\/p>\n<p>Tschechische Republik<\/p>[\/et_pb_text][\/et_pb_column][et_pb_column type=&#8220;1_4&#8243; _builder_version=&#8220;4.27.4&#8243; _module_preset=&#8220;default&#8220; global_colors_info=&#8220;{}&#8220;][et_pb_heading title=&#8220;RECHNUNGSADRESSE&#8220; _builder_version=&#8220;4.27.4&#8243; _module_preset=&#8220;default&#8220; title_level=&#8220;h4&#8243; title_text_align=&#8220;left&#8220; title_text_color=&#8220;#FFFFFF&#8220; custom_margin=&#8220;||28px|||&#8220; custom_margin_tablet=&#8220;||28px|||&#8220; custom_margin_phone=&#8220;30px||28px||false|false&#8220; custom_margin_last_edited=&#8220;on|phone&#8220; global_colors_info=&#8220;{}&#8220;][\/et_pb_heading][et_pb_text _builder_version=&#8220;4.27.4&#8243; _module_preset=&#8220;default&#8220; text_text_color=&#8220;#FFFFFF&#8220; text_font_size=&#8220;12px&#8220; text_line_height=&#8220;1em&#8220; global_colors_info=&#8220;{}&#8220;]<p>M.Al\u0161e 2148\/3<\/p>\n<p>43401 Most<\/p>\n<p>Tschechische Republik<\/p>[\/et_pb_text][\/et_pb_column][et_pb_column type=&#8220;1_4&#8243; _builder_version=&#8220;4.27.4&#8243; _module_preset=&#8220;default&#8220; global_colors_info=&#8220;{}&#8220;][et_pb_heading title=&#8220;KONTAKT PERSON&#8220; _builder_version=&#8220;4.27.4&#8243; _module_preset=&#8220;default&#8220; title_level=&#8220;h4&#8243; title_text_align=&#8220;left&#8220; title_text_color=&#8220;#FFFFFF&#8220; custom_margin=&#8220;||28px|||&#8220; custom_margin_tablet=&#8220;30px||||false|false&#8220; custom_margin_phone=&#8220;30px||||false|false&#8220; custom_margin_last_edited=&#8220;on|tablet&#8220; global_colors_info=&#8220;{}&#8220;][\/et_pb_heading][et_pb_text _builder_version=&#8220;4.27.4&#8243; _module_preset=&#8220;default&#8220; text_text_color=&#8220;#FFFFFF&#8220; text_font_size=&#8220;12px&#8220; text_line_height=&#8220;1em&#8220; global_colors_info=&#8220;{}&#8220;]<p>Larysa holtsapfel<\/p>\n<p><span style=\"color: #ffffff;\"><a href=\"mailto:info@holtsapfel-euromoda.cz\" style=\"color: #ffffff;\">info@holtsapfel-euromoda.cz<\/a><\/span><\/p>\n<p><span style=\"color: #ffffff;\"><a href=\"tel:+420720415705\" style=\"color: #ffffff;\">+420 720 415 705<\/a><\/span><\/p>[\/et_pb_text][\/et_pb_column][et_pb_column type=&#8220;1_4&#8243; _builder_version=&#8220;4.27.4&#8243; _module_preset=&#8220;default&#8220; global_colors_info=&#8220;{}&#8220;][et_pb_heading title=&#8220;BANKVERBINDUNG&#8220; _builder_version=&#8220;4.27.4&#8243; _module_preset=&#8220;default&#8220; title_level=&#8220;h4&#8243; title_text_align=&#8220;left&#8220; title_text_color=&#8220;#FFFFFF&#8220; custom_margin=&#8220;||28px|||&#8220; custom_margin_tablet=&#8220;30px||28px||false|false&#8220; custom_margin_phone=&#8220;30px||28px||false|false&#8220; custom_margin_last_edited=&#8220;on|tablet&#8220; global_colors_info=&#8220;{}&#8220;][\/et_pb_heading][et_pb_text _builder_version=&#8220;4.27.4&#8243; _module_preset=&#8220;default&#8220; text_text_color=&#8220;#FFFFFF&#8220; text_font_size=&#8220;12px&#8220; text_line_height=&#8220;1em&#8220; global_colors_info=&#8220;{}&#8220;]<p>CZ B\u00da: 115-4010130237\/0100<\/p>\n<p>EU IBAN: CZ20 0100 0001 1569 6517 0257<\/p>\n<p>EU BIC\/SWIFT: KOMBCZPPXXX<\/p>[\/et_pb_text][\/et_pb_column][\/et_pb_row][et_pb_row column_structure=&#8220;1_2,1_6,1_6,1_6&#8243; make_equal=&#8220;on&#8220; _builder_version=&#8220;4.27.4&#8243; _module_preset=&#8220;default&#8220; background_color=&#8220;#003BCF&#8220; background_enable_image=&#8220;off&#8220; max_width=&#8220;100%&#8220; module_alignment=&#8220;center&#8220; custom_margin=&#8220;0px||||false|false&#8220; custom_padding=&#8220;|2%|2%|2%|false|true&#8220; custom_css_main_element=&#8220;display:flex;&#8220; border_radii=&#8220;off|||15px|15px&#8220; global_colors_info=&#8220;{}&#8220; custom_css_main_element_last_edited=&#8220;on|desktop&#8220; custom_css_main_element_tablet=&#8220; &#8220; custom_css_main_element_phone=&#8220; &#8222;][et_pb_column type=&#8220;1_2&#8243; _builder_version=&#8220;4.27.4&#8243; _module_preset=&#8220;default&#8220; custom_css_main_element=&#8220;margin: auto auto 0;||display: flex;||justify-content: space-between;||align-items: center;&#8220; global_colors_info=&#8220;{}&#8220; custom_css_main_element_last_edited=&#8220;on|tablet&#8220; custom_css_main_element_tablet=&#8220; &#8220; custom_css_main_element_phone=&#8220; &#8222;][et_pb_text _builder_version=&#8220;4.27.4&#8243; _module_preset=&#8220;default&#8220; text_text_color=&#8220;rgba(239,255,246,0.54)&#8220; text_font_size=&#8220;12px&#8220; global_colors_info=&#8220;{}&#8220;]<p>\u00a9 2025 HOLTSAPFEL-EUROMODA s.r.o. USt-IdNr.: 05742714<\/p>[\/et_pb_text][\/et_pb_column][et_pb_column type=&#8220;1_6&#8243; _builder_version=&#8220;4.27.4&#8243; _module_preset=&#8220;default&#8220; custom_css_main_element=&#8220;margin: auto auto 0;||display: flex;||justify-content: space-between;||align-items: center;&#8220; global_colors_info=&#8220;{}&#8220; custom_css_main_element_last_edited=&#8220;on|tablet&#8220; custom_css_main_element_tablet=&#8220; &#8220; custom_css_main_element_phone=&#8220; &#8222;][\/et_pb_column][et_pb_column type=&#8220;1_6&#8243; _builder_version=&#8220;4.27.4&#8243; _module_preset=&#8220;default&#8220; custom_css_main_element=&#8220;margin: auto auto 0;||display: flex;||justify-content: space-between;||align-items: center;&#8220; global_colors_info=&#8220;{}&#8220; custom_css_main_element_last_edited=&#8220;on|tablet&#8220; custom_css_main_element_tablet=&#8220; &#8220; custom_css_main_element_phone=&#8220; &#8222;][\/et_pb_column][et_pb_column type=&#8220;1_6&#8243; _builder_version=&#8220;4.27.4&#8243; _module_preset=&#8220;default&#8220; custom_css_main_element=&#8220;margin: auto auto 0;||display: flex;||justify-content: space-between;||align-items: center;&#8220; global_colors_info=&#8220;{}&#8220; custom_css_main_element_last_edited=&#8220;on|tablet&#8220; custom_css_main_element_tablet=&#8220; &#8220; custom_css_main_element_phone=&#8220; &#8222;][\/et_pb_column][\/et_pb_row][\/et_pb_section]\n","protected":false},"excerpt":{"rendered":"<p>Starke Pr\u00e4senz in Europa Mit unseren Standorten in der Tschechischen Republik und Deutschland gew\u00e4hrleisten wir schnelle, effiziente und zuverl\u00e4ssige Dienstleistungen f\u00fcr unsere Kunden in ganz Europa. Beide Standorte sind voll ausgestattet, um eine breite Palette textiler Prozesse zu bew\u00e4ltigen und bieten die n\u00f6tige Flexibilit\u00e4t, um Ihre Anforderungen zu erf\u00fcllen. Unsere tschechische Einrichtung ist ein zentraler [&hellip;]<\/p>\n","protected":false},"author":4,"featured_media":0,"parent":0,"menu_order":0,"comment_status":"closed","ping_status":"closed","template":"","meta":{"_et_pb_use_builder":"on","_et_pb_old_content":"","_et_gb_content_width":"","footnotes":""},"class_list":["post-1084","page","type-page","status-publish","hentry"],"yoast_head":"<!-- This site is optimized with the Yoast SEO plugin v26.7 - https:\/\/yoast.com\/wordpress\/plugins\/seo\/ -->\n<title>Standorte - EUROMODA - Holtsapfel<\/title>\n<meta name=\"robots\" content=\"index, follow, max-snippet:-1, max-image-preview:large, max-video-preview:-1\" \/>\n<link rel=\"canonical\" href=\"https:\/\/holtsapfel-euromoda.cz\/de\/standorte\/\" \/>\n<meta property=\"og:locale\" content=\"de_DE\" \/>\n<meta property=\"og:type\" content=\"article\" \/>\n<meta property=\"og:title\" content=\"Standorte - EUROMODA - Holtsapfel\" \/>\n<meta property=\"og:description\" content=\"Starke Pr\u00e4senz in Europa Mit unseren Standorten in der Tschechischen Republik und Deutschland gew\u00e4hrleisten wir schnelle, effiziente und zuverl\u00e4ssige Dienstleistungen f\u00fcr unsere Kunden in ganz Europa. Beide Standorte sind voll ausgestattet, um eine breite Palette textiler Prozesse zu bew\u00e4ltigen und bieten die n\u00f6tige Flexibilit\u00e4t, um Ihre Anforderungen zu erf\u00fcllen. Unsere tschechische Einrichtung ist ein zentraler [&hellip;]\" \/>\n<meta property=\"og:url\" content=\"https:\/\/holtsapfel-euromoda.cz\/de\/standorte\/\" \/>\n<meta property=\"og:site_name\" content=\"EUROMODA - Holtsapfel\" \/>\n<meta property=\"article:modified_time\" content=\"2025-11-07T11:43:56+00:00\" \/>\n<meta name=\"twitter:card\" content=\"summary_large_image\" \/>\n<meta name=\"twitter:label1\" content=\"Gesch\u00e4tzte Lesezeit\" \/>\n\t<meta name=\"twitter:data1\" content=\"13\u00a0Minuten\" \/>\n<script type=\"application\/ld+json\" class=\"yoast-schema-graph\">{\"@context\":\"https:\/\/schema.org\",\"@graph\":[{\"@type\":\"WebPage\",\"@id\":\"https:\/\/holtsapfel-euromoda.cz\/de\/standorte\/\",\"url\":\"https:\/\/holtsapfel-euromoda.cz\/de\/standorte\/\",\"name\":\"Standorte - EUROMODA - Holtsapfel\",\"isPartOf\":{\"@id\":\"https:\/\/holtsapfel-euromoda.cz\/de\/#website\"},\"datePublished\":\"2025-11-07T11:43:55+00:00\",\"dateModified\":\"2025-11-07T11:43:56+00:00\",\"breadcrumb\":{\"@id\":\"https:\/\/holtsapfel-euromoda.cz\/de\/standorte\/#breadcrumb\"},\"inLanguage\":\"de\",\"potentialAction\":[{\"@type\":\"ReadAction\",\"target\":[\"https:\/\/holtsapfel-euromoda.cz\/de\/standorte\/\"]}]},{\"@type\":\"BreadcrumbList\",\"@id\":\"https:\/\/holtsapfel-euromoda.cz\/de\/standorte\/#breadcrumb\",\"itemListElement\":[{\"@type\":\"ListItem\",\"position\":1,\"name\":\"Startseite\",\"item\":\"https:\/\/holtsapfel-euromoda.cz\/de\/\"},{\"@type\":\"ListItem\",\"position\":2,\"name\":\"Standorte\"}]},{\"@type\":\"WebSite\",\"@id\":\"https:\/\/holtsapfel-euromoda.cz\/de\/#website\",\"url\":\"https:\/\/holtsapfel-euromoda.cz\/de\/\",\"name\":\"EUROMODA - Holtsapfel\",\"description\":\"Zpracov\u00e1n\u00ed textilu  a mal\u00e1 s\u00e9riov\u00e1 v\u00fdroba pro velk\u00e9 a men\u0161\u00ed firmy\",\"publisher\":{\"@id\":\"https:\/\/holtsapfel-euromoda.cz\/de\/#organization\"},\"potentialAction\":[{\"@type\":\"SearchAction\",\"target\":{\"@type\":\"EntryPoint\",\"urlTemplate\":\"https:\/\/holtsapfel-euromoda.cz\/de\/?s={search_term_string}\"},\"query-input\":{\"@type\":\"PropertyValueSpecification\",\"valueRequired\":true,\"valueName\":\"search_term_string\"}}],\"inLanguage\":\"de\"},{\"@type\":\"Organization\",\"@id\":\"https:\/\/holtsapfel-euromoda.cz\/de\/#organization\",\"name\":\"EUROMODA - Holtsapfel\",\"url\":\"https:\/\/holtsapfel-euromoda.cz\/de\/\",\"logo\":{\"@type\":\"ImageObject\",\"inLanguage\":\"de\",\"@id\":\"https:\/\/holtsapfel-euromoda.cz\/de\/#\/schema\/logo\/image\/\",\"url\":\"https:\/\/holtsapfel-euromoda.cz\/wp-content\/uploads\/2025\/06\/LOGO_ONLINE_Kreslici-platno-1.png\",\"contentUrl\":\"https:\/\/holtsapfel-euromoda.cz\/wp-content\/uploads\/2025\/06\/LOGO_ONLINE_Kreslici-platno-1.png\",\"width\":1160,\"height\":334,\"caption\":\"EUROMODA - Holtsapfel\"},\"image\":{\"@id\":\"https:\/\/holtsapfel-euromoda.cz\/de\/#\/schema\/logo\/image\/\"}}]}<\/script>\n<!-- \/ Yoast SEO plugin. -->","yoast_head_json":{"title":"Standorte - EUROMODA - Holtsapfel","robots":{"index":"index","follow":"follow","max-snippet":"max-snippet:-1","max-image-preview":"max-image-preview:large","max-video-preview":"max-video-preview:-1"},"canonical":"https:\/\/holtsapfel-euromoda.cz\/de\/standorte\/","og_locale":"de_DE","og_type":"article","og_title":"Standorte - EUROMODA - Holtsapfel","og_description":"Starke Pr\u00e4senz in Europa Mit unseren Standorten in der Tschechischen Republik und Deutschland gew\u00e4hrleisten wir schnelle, effiziente und zuverl\u00e4ssige Dienstleistungen f\u00fcr unsere Kunden in ganz Europa. Beide Standorte sind voll ausgestattet, um eine breite Palette textiler Prozesse zu bew\u00e4ltigen und bieten die n\u00f6tige Flexibilit\u00e4t, um Ihre Anforderungen zu erf\u00fcllen. Unsere tschechische Einrichtung ist ein zentraler [&hellip;]","og_url":"https:\/\/holtsapfel-euromoda.cz\/de\/standorte\/","og_site_name":"EUROMODA - Holtsapfel","article_modified_time":"2025-11-07T11:43:56+00:00","twitter_card":"summary_large_image","twitter_misc":{"Gesch\u00e4tzte Lesezeit":"13\u00a0Minuten"},"schema":{"@context":"https:\/\/schema.org","@graph":[{"@type":"WebPage","@id":"https:\/\/holtsapfel-euromoda.cz\/de\/standorte\/","url":"https:\/\/holtsapfel-euromoda.cz\/de\/standorte\/","name":"Standorte - EUROMODA - Holtsapfel","isPartOf":{"@id":"https:\/\/holtsapfel-euromoda.cz\/de\/#website"},"datePublished":"2025-11-07T11:43:55+00:00","dateModified":"2025-11-07T11:43:56+00:00","breadcrumb":{"@id":"https:\/\/holtsapfel-euromoda.cz\/de\/standorte\/#breadcrumb"},"inLanguage":"de","potentialAction":[{"@type":"ReadAction","target":["https:\/\/holtsapfel-euromoda.cz\/de\/standorte\/"]}]},{"@type":"BreadcrumbList","@id":"https:\/\/holtsapfel-euromoda.cz\/de\/standorte\/#breadcrumb","itemListElement":[{"@type":"ListItem","position":1,"name":"Startseite","item":"https:\/\/holtsapfel-euromoda.cz\/de\/"},{"@type":"ListItem","position":2,"name":"Standorte"}]},{"@type":"WebSite","@id":"https:\/\/holtsapfel-euromoda.cz\/de\/#website","url":"https:\/\/holtsapfel-euromoda.cz\/de\/","name":"EUROMODA - Holtsapfel","description":"Zpracov\u00e1n\u00ed textilu  a mal\u00e1 s\u00e9riov\u00e1 v\u00fdroba pro velk\u00e9 a men\u0161\u00ed firmy","publisher":{"@id":"https:\/\/holtsapfel-euromoda.cz\/de\/#organization"},"potentialAction":[{"@type":"SearchAction","target":{"@type":"EntryPoint","urlTemplate":"https:\/\/holtsapfel-euromoda.cz\/de\/?s={search_term_string}"},"query-input":{"@type":"PropertyValueSpecification","valueRequired":true,"valueName":"search_term_string"}}],"inLanguage":"de"},{"@type":"Organization","@id":"https:\/\/holtsapfel-euromoda.cz\/de\/#organization","name":"EUROMODA - Holtsapfel","url":"https:\/\/holtsapfel-euromoda.cz\/de\/","logo":{"@type":"ImageObject","inLanguage":"de","@id":"https:\/\/holtsapfel-euromoda.cz\/de\/#\/schema\/logo\/image\/","url":"https:\/\/holtsapfel-euromoda.cz\/wp-content\/uploads\/2025\/06\/LOGO_ONLINE_Kreslici-platno-1.png","contentUrl":"https:\/\/holtsapfel-euromoda.cz\/wp-content\/uploads\/2025\/06\/LOGO_ONLINE_Kreslici-platno-1.png","width":1160,"height":334,"caption":"EUROMODA - Holtsapfel"},"image":{"@id":"https:\/\/holtsapfel-euromoda.cz\/de\/#\/schema\/logo\/image\/"}}]}},"_links":{"self":[{"href":"https:\/\/holtsapfel-euromoda.cz\/de\/wp-json\/wp\/v2\/pages\/1084","targetHints":{"allow":["GET"]}}],"collection":[{"href":"https:\/\/holtsapfel-euromoda.cz\/de\/wp-json\/wp\/v2\/pages"}],"about":[{"href":"https:\/\/holtsapfel-euromoda.cz\/de\/wp-json\/wp\/v2\/types\/page"}],"author":[{"embeddable":true,"href":"https:\/\/holtsapfel-euromoda.cz\/de\/wp-json\/wp\/v2\/users\/4"}],"replies":[{"embeddable":true,"href":"https:\/\/holtsapfel-euromoda.cz\/de\/wp-json\/wp\/v2\/comments?post=1084"}],"version-history":[{"count":1,"href":"https:\/\/holtsapfel-euromoda.cz\/de\/wp-json\/wp\/v2\/pages\/1084\/revisions"}],"predecessor-version":[{"id":1085,"href":"https:\/\/holtsapfel-euromoda.cz\/de\/wp-json\/wp\/v2\/pages\/1084\/revisions\/1085"}],"wp:attachment":[{"href":"https:\/\/holtsapfel-euromoda.cz\/de\/wp-json\/wp\/v2\/media?parent=1084"}],"curies":[{"name":"wp","href":"https:\/\/api.w.org\/{rel}","templated":true}]}}